{"id":24251,"date":"2016-09-14T10:13:38","date_gmt":"2016-09-14T08:13:38","guid":{"rendered":"http:\/\/deploy.frankfurt-marathon.com\/fr\/program\/"},"modified":"2025-10-20T10:00:40","modified_gmt":"2025-10-20T08:00:40","slug":"program","status":"publish","type":"page","link":"https:\/\/www.frankfurt-marathon.com\/fr\/program\/","title":{"rendered":"Program"},"content":{"rendered":"<div class=\"wpb-content-wrapper\"><p>[vc_row full_width=\u00a0\u00bbstretch_row_content_no_spaces\u00a0\u00bb][vc_column][dhsv_vc_header bgimage=\u00a0\u00bb797&Prime; height=\u00a0\u00bblarge\u00a0\u00bb headline=\u00a0\u00bbDu 27 au 29 Octobre 2023&Prime; subline=\u00a0\u00bbQuelle? Quand? O\u00f9?\u00a0\u00bb][vc_row_inner][vc_column_inner width=\u00a0\u00bb1\/4&Prime;][dhsv_vc_teaserbox title=\u00a0\u00bbMarathonmall\u00a0\u00bb image=\u00a0\u00bb4474&Prime; link=\u00a0\u00bburl:http%3A%2F%2Fdev.frankfurt-marathon.com%2Ffr%2Fprogram%2Fmarathonmall%2F||target:%20_blank|\u00a0\u00bb][\/vc_column_inner][vc_column_inner width=\u00a0\u00bb1\/4&Prime;][dhsv_vc_teaserbox title=\u00a0\u00bbFestivals\u00a0\u00bb image=\u00a0\u00bb4479&Prime; link=\u00a0\u00bburl:https%3A%2F%2Fwww.frankfurt-marathon.com%2Fen%2Fprogramm%2Ffestivities%2F||target:%20_blank|\u00a0\u00bb][\/vc_column_inner][vc_column_inner width=\u00a0\u00bb1\/4&Prime;][dhsv_vc_teaserbox title=\u00a0\u00bbFattoria La Vialla \u2013 Toscana Pasta Party\u00a0\u00bb image=\u00a0\u00bb4480&Prime; link=\u00a0\u00bburl:http%3A%2F%2Fdev.frankfurt-marathon.com%2Ffr%2Fprogram%2Ftoscana-pasta-party%2F%20||target:%20_blank|\u00a0\u00bb][\/vc_column_inner][vc_column_inner width=\u00a0\u00bb1\/4&Prime;][dhsv_vc_teaserbox title=\u00a0\u00bbPretzel run\u00a0\u00bb image=\u00a0\u00bb4483&Prime; link=\u00a0\u00bburl:http%3A%2F%2Fdev.frankfurt-marathon.com%2Ffr%2Fprogram%2Fbrezellauf%2F||target:%20_blank|\u00a0\u00bb][\/vc_column_inner][\/vc_row_inner][\/dhsv_vc_header][\/vc_column][\/vc_row][vc_row][vc_column width=\u00a0\u00bb2\/3&Prime;][dhsv_vc_menu_list menu_id=\u00a0\u00bb15&Prime;][dhsv_vc_headline_subline headline=\u00a0\u00bbQuelle? Quand? O\u00f9?\u00a0\u00bb subline=\u00a0\u00bbProgramm\u00a0\u00bb][dhsv_vc_breakup text=\u00a0\u00bbMainova Frankfurt Marathon | 24 &#8211; 26 Octobre 2025 | Frankfurt\u00a0\u00bb][vc_tta_accordion shape=\u00a0\u00bbsquare\u00a0\u00bb color=\u00a0\u00bbwhite\u00a0\u00bb c_icon=\u00a0\u00bbchevron\u00a0\u00bb c_position=\u00a0\u00bbright\u00a0\u00bb active_section=\u00a0\u00bb9999999&Prime; collapsible_all=\u00a0\u00bbtrue\u00a0\u00bb][vc_tta_section title=\u00a0\u00bbVendredi\u00a0\u00bb tab_id=\u00a0\u00bb1474615625990-fe3348a0-4070&Prime;][vc_column_text]<strong>12.00 &#8211; 19.00:<\/strong><\/p>\n<p><span id=\"result_box\" class=\"\" lang=\"en\"><span class=\"\">Distribution des num\u00e9ros de dossard<\/span><span class=\"\">,<\/span>\u00a0Marathonmall, Exposition, Foire de Francfort Salle 1 Niveau -2<\/span>[\/vc_column_text][\/vc_tta_section][vc_tta_section title=\u00a0\u00bbSamedi\u00a0\u00bb tab_id=\u00a0\u00bb1474615778716-df4f5204-c830&Prime;][vc_column_text]<strong>10.00 \u2013 19.00:<\/strong><\/p>\n<p>Marathonmall, Exposition, Foire de Francfort Salle 1 Niveau -2<\/p>\n<p>&nbsp;<\/p>\n<p><strong>10.00:<\/strong><\/p>\n<p>Pretzel-run \u00a0pr\u00e9sent\u00e9 par interAir D\u00e9part \/Arriv\u00e9e: Messe \/ Entrence City<\/p>\n<p>&nbsp;<\/p>\n<p><strong>11.30 \u2013 12.30:<\/strong><\/p>\n<p>Course tignase Forum\/Festhalle<\/p>\n<p>&nbsp;<\/p>\n<p><strong>13.30 \u2013 19.00:<\/strong><\/p>\n<p>Fattoria La Vialla &#8211; Toscana Pasta Party Halle Foire Francfort\/ Forum<\/p>\n<p>&nbsp;<\/p>\n<p><strong>14.00 \u2013 17.00:<\/strong><\/p>\n<p>Programm Fattoria La Vialla &#8211; Toscana Pasta Party Halle Foire Francfort\/Etape<\/p>\n<p>&nbsp;<\/p>\n<p><strong>17.15:<\/strong><\/p>\n<p>\u201eHeimspiel am Samstag\u201c live Halle Foire Francfort<\/p>\n<p>&nbsp;<\/p>\n<p><strong>18.00:<\/strong><\/p>\n<p>Pri\u00e8re \u0153cum\u00e9nique Salle des f\u00eates, Foire de Francfort, Salle bleue.[\/vc_column_text][\/vc_tta_section][vc_tta_section title=\u00a0\u00bbDimanche\u00a0\u00bb tab_id=\u00a0\u00bb1474620251463-c6b38d2b-70fa\u00a0\u00bb][vc_column_text css=\u00a0\u00bb\u00a0\u00bb]<strong>07.00 \u2013 09.30:<\/strong><\/p>\n<p>Distribution des num\u00e9ros de dossard, Foire de Francfort Salle 1 Niveau -2<\/p>\n<p>&nbsp;<\/p>\n<p><strong>07.00 \u2013 17.00:<\/strong><\/p>\n<p>Marathonmall, Exposition, Foire de Francfort Salle 1 Niveau -2<\/p>\n<p>&nbsp;<\/p>\n<p><strong>10.00:<\/strong><\/p>\n<p>Le processus de d\u00e9marrage se d\u00e9roulera en quatre vagues \u00e0 partir de<br \/>\n10 heures., Friedrich-Ebert-Anlage<\/p>\n<p>&nbsp;<\/p>\n<p><strong>10.35:<\/strong><\/p>\n<p>D\u00e9part Equipes Friedrich-Ebert-Anlage<\/p>\n<p>&nbsp;<\/p>\n<p><strong>10.55:<\/strong><\/p>\n<p>D\u00e9part Mini-Marathon Ludwig-Erhard-Anlage<\/p>\n<p>&nbsp;<\/p>\n<p><strong>11.09:<\/strong><\/p>\n<p>Arriv\u00e9e Mini-Marathon Halle Foire Francfort<\/p>\n<p>&nbsp;<\/p>\n<p><strong>12.03:<\/strong><\/p>\n<p>Arriv\u00e9e premier coureur (m\u00e2le) Halle Foire Francfort<\/p>\n<p>&nbsp;<\/p>\n<p><strong>12.22:<\/strong><\/p>\n<p>Finish premier coureur (fem\u00e2le) Halle Foire Francfort<\/p>\n<p>&nbsp;<\/p>\n<p><strong>12.30:<\/strong><\/p>\n<p>C\u00e9r\u00e9monie Mini-Marathon Hall 1, Level 2<\/p>\n<p>&nbsp;<\/p>\n<p><strong>12.40:<\/strong><\/p>\n<p>Flower c\u00e9r\u00e9monie premieres coureurs Halle Foire Francfort<\/p>\n<p>&nbsp;<\/p>\n<p><strong>14.00:<\/strong><\/p>\n<p>C\u00e9r\u00e9monie Championnat Hesse Halle Foire Francfort<\/p>\n<p>&nbsp;<\/p>\n<p><strong>15.00:<\/strong><\/p>\n<p>C\u00e9r\u00e9monie Marathon-Manager Halle Foire Francfort<\/p>\n<p>&nbsp;<\/p>\n<p><strong>16.15:<\/strong><\/p>\n<p>Arriv\u00e9e\u00a0coureur Halle Foire Francfort[\/vc_column_text][\/vc_tta_section][\/vc_tta_accordion][vc_empty_space][\/vc_column][vc_column width=\u00a0\u00bb1\/3&Prime;][\/vc_column][\/vc_row]<\/p>\n<\/div>","protected":false},"excerpt":{"rendered":"<p>[vc_row full_width=\u00a0\u00bbstretch_row_content_no_spaces\u00a0\u00bb][vc_column][dhsv_vc_header bgimage=\u00a0\u00bb797&Prime; height=\u00a0\u00bblarge\u00a0\u00bb headline=\u00a0\u00bbDu 27 au 29 Octobre 2023&Prime; subline=\u00a0\u00bbQuelle? Quand? O\u00f9?\u00a0\u00bb][vc_row_inner][vc_column_inner width=\u00a0\u00bb1\/4&Prime;][dhsv_vc_teaserbox title=\u00a0\u00bbMarathonmall\u00a0\u00bb image=\u00a0\u00bb4474&Prime; link=\u00a0\u00bburl:http%3A%2F%2Fdev.frankfurt-marathon.com%2Ffr%2Fprogram%2Fmarathonmall%2F||target:%20_blank|\u00a0\u00bb][\/vc_column_inner][vc_column_inner width=\u00a0\u00bb1\/4&Prime;][dhsv_vc_teaserbox title=\u00a0\u00bbFestivals\u00a0\u00bb image=\u00a0\u00bb4479&Prime; link=\u00a0\u00bburl:https%3A%2F%2Fwww.frankfurt-marathon.com%2Fen%2Fprogramm%2Ffestivities%2F||target:%20_blank|\u00a0\u00bb][\/vc_column_inner][vc_column_inner width=\u00a0\u00bb1\/4&Prime;][dhsv_vc_teaserbox title=\u00a0\u00bbFattoria La Vialla \u2013 Toscana Pasta Party\u00a0\u00bb image=\u00a0\u00bb4480&Prime; link=\u00a0\u00bburl:http%3A%2F%2Fdev.frankfurt-marathon.com%2Ffr%2Fprogram%2Ftoscana-pasta-party%2F%20||target:%20_blank|\u00a0\u00bb][\/vc_column_inner][vc_column_inner width=\u00a0\u00bb1\/4&Prime;][dhsv_vc_teaserbox title=\u00a0\u00bbPretzel run\u00a0\u00bb image=\u00a0\u00bb4483&Prime; link=\u00a0\u00bburl:http%3A%2F%2Fdev.frankfurt-marathon.com%2Ffr%2Fprogram%2Fbrezellauf%2F||target:%20_blank|\u00a0\u00bb][\/vc_column_inner][\/vc_row_inner][\/dhsv_vc_header][\/vc_column][\/vc_row][vc_row][vc_column width=\u00a0\u00bb2\/3&Prime;][dhsv_vc_menu_list menu_id=\u00a0\u00bb15&Prime;][dhsv_vc_headline_subline headline=\u00a0\u00bbQuelle? Quand? O\u00f9?\u00a0\u00bb subline=\u00a0\u00bbProgramm\u00a0\u00bb][dhsv_vc_breakup text=\u00a0\u00bbMainova Frankfurt Marathon | 24 &#8211; 26 Octobre 2025 | Frankfurt\u00a0\u00bb][vc_tta_accordion shape=\u00a0\u00bbsquare\u00a0\u00bb color=\u00a0\u00bbwhite\u00a0\u00bb <a class=\"moretag\" href=\"https:\/\/www.frankfurt-marathon.com\/fr\/program\/\">ganzen Artikel lesen&#8230;<\/a><\/p>\n","protected":false},"author":5,"featured_media":0,"parent":0,"menu_order":18,"comment_status":"closed","ping_status":"closed","template":"","meta":{"_acf_changed":false,"footnotes":""},"yst_prominent_words":[4331,4268,4238,4352,4310,3101,4322,4253,4226,4280,4244,34670,3335,3110,4349,4301,4289,4358,3338,4355],"class_list":["post-24251","page","type-page","status-publish","hentry"],"acf":[],"_links":{"self":[{"href":"https:\/\/www.frankfurt-marathon.com\/fr\/wp-json\/wp\/v2\/pages\/24251","targetHints":{"allow":["GET"]}}],"collection":[{"href":"https:\/\/www.frankfurt-marathon.com\/fr\/wp-json\/wp\/v2\/pages"}],"about":[{"href":"https:\/\/www.frankfurt-marathon.com\/fr\/wp-json\/wp\/v2\/types\/page"}],"author":[{"embeddable":true,"href":"https:\/\/www.frankfurt-marathon.com\/fr\/wp-json\/wp\/v2\/users\/5"}],"replies":[{"embeddable":true,"href":"https:\/\/www.frankfurt-marathon.com\/fr\/wp-json\/wp\/v2\/comments?post=24251"}],"version-history":[{"count":5,"href":"https:\/\/www.frankfurt-marathon.com\/fr\/wp-json\/wp\/v2\/pages\/24251\/revisions"}],"predecessor-version":[{"id":676009,"href":"https:\/\/www.frankfurt-marathon.com\/fr\/wp-json\/wp\/v2\/pages\/24251\/revisions\/676009"}],"wp:attachment":[{"href":"https:\/\/www.frankfurt-marathon.com\/fr\/wp-json\/wp\/v2\/media?parent=24251"}],"wp:term":[{"taxonomy":"yst_prominent_words","embeddable":true,"href":"https:\/\/www.frankfurt-marathon.com\/fr\/wp-json\/wp\/v2\/yst_prominent_words?post=24251"}],"curies":[{"name":"wp","href":"https:\/\/api.w.org\/{rel}","templated":true}]}}