{"id":296331,"date":"2016-10-30T00:18:45","date_gmt":"2016-10-29T22:18:45","guid":{"rendered":"http:\/\/deploy.frankfurt-marathon.com\/impressions\/videos-historie\/"},"modified":"2024-10-22T11:43:54","modified_gmt":"2024-10-22T09:43:54","slug":"videos-historie","status":"publish","type":"page","link":"https:\/\/www.frankfurt-marathon.com\/fr\/impressionen\/videos-historie\/","title":{"rendered":"Videos Historie"},"content":{"rendered":"<div class=\"wpb-content-wrapper\"><p>[vc_row full_width=\u00a0\u00bbstretch_row_content_no_spaces\u00a0\u00bb][vc_column][dhsv_vc_header bgimage=\u00a0\u00bb2769&Prime; headline=\u00a0\u00bbVideos des Mainova Frankfurt Marathon\u00a0\u00bb][dhsv_vc_menu_list anzeigeart=\u00a0\u00bbshow_level\u00a0\u00bb menu_id=\u00a0\u00bb15&Prime;][\/dhsv_vc_header][\/vc_column][\/vc_row][vc_section][vc_row][vc_column][dhsv_vc_headline_subline headline=\u00a0\u00bbVideos 2023&Prime;][vc_empty_space][\/vc_column][\/vc_row][vc_row][vc_column width=\u00a0\u00bb1\/3&Prime;][dhsv_vc_video_youtube video_id=\u00a0\u00bbXjGTkyxt9oQ\u00a0\u00bb][\/vc_column][vc_column width=\u00a0\u00bb1\/3&Prime;][dhsv_vc_video_youtube video_id=\u00a0\u00bbpkRQVjTKazE\u00a0\u00bb][\/vc_column][vc_column width=\u00a0\u00bb1\/3&Prime;][\/vc_column][\/vc_row][\/vc_section][vc_section][vc_row][vc_column][dhsv_vc_headline_subline headline=\u00a0\u00bbVideos 2022&Prime;][vc_empty_space][\/vc_column][\/vc_row][vc_row][vc_column width=\u00a0\u00bb1\/3&Prime;][dhsv_vc_video_youtube video_id=\u00a0\u00bbSwCdRUweEWo\u00a0\u00bb][\/vc_column][vc_column width=\u00a0\u00bb1\/3&Prime;][dhsv_vc_video_youtube video_id=\u00a0\u00bbhpFMHQt50f8&Prime;][\/vc_column][vc_column width=\u00a0\u00bb1\/3&Prime;][\/vc_column][\/vc_row][vc_row][vc_column][dhsv_vc_headline_subline headline=\u00a0\u00bbVideos 2018&Prime;][vc_empty_space][\/vc_column][\/vc_row][vc_row][vc_column width=\u00a0\u00bb1\/3&Prime;][vc_column_text]<\/p>\n<h3>Der Sieger des 37. Mainova Frankfurt Marathon:\u00a0Kelkile Gezahegn<\/h3>\n<p>[\/vc_column_text][dhsv_vc_video_youtube video_id=\u00a0\u00bbTniiyMoqxCk\u00a0\u00bb][\/vc_column][vc_column width=\u00a0\u00bb1\/3&Prime;][vc_column_text]<\/p>\n<h3>Der schnellste Deutsche: Arne Gabius<\/h3>\n<p>[\/vc_column_text][dhsv_vc_video_youtube video_id=\u00a0\u00bbMfEopMDd3tc\u00a0\u00bb][\/vc_column][vc_column width=\u00a0\u00bb1\/3&Prime;][vc_column_text]<\/p>\n<h3>Die schnellste Frau:\u00a0Meskerem Assefa<\/h3>\n<p>[\/vc_column_text][dhsv_vc_video_youtube video_id=\u00a0\u00bba3naBykhOLU\u00a0\u00bb][\/vc_column][\/vc_row][vc_row][vc_column width=\u00a0\u00bb1\/3&Prime;][vc_column_text]<\/p>\n<h3>Katharina Heinig<\/h3>\n<p>[\/vc_column_text][dhsv_vc_video_youtube video_id=\u00a0\u00bbNKVEbu6JzPw\u00a0\u00bb][\/vc_column][vc_column width=\u00a0\u00bb1\/3&Prime;][vc_column_text]<\/p>\n<h3>Brezellauf 2018<\/h3>\n<p>[\/vc_column_text][dhsv_vc_video_youtube video_id=\u00a0\u00bbCp9G6U49aFI\u00a0\u00bb][\/vc_column][vc_column width=\u00a0\u00bb1\/3&Prime;][vc_column_text]<\/p>\n<h3>Sarah Assmann erster Marathon<\/h3>\n<p>[\/vc_column_text][dhsv_vc_video_youtube video_id=\u00a0\u00bbdvDkk18XC1I\u00a0\u00bb][\/vc_column][\/vc_row][vc_row][vc_column width=\u00a0\u00bb1\/3&Prime;][vc_column_text]<\/p>\n<h3>Kerstin Bertsch Rekordversuch<\/h3>\n<p>[\/vc_column_text][dhsv_vc_video_youtube video_id=\u00a0\u00bbocNQfrwTuYM\u00a0\u00bb][\/vc_column][vc_column width=\u00a0\u00bb1\/3&Prime;][vc_column_text]<\/p>\n<h3>Sportartikelmesse Marathonmall<\/h3>\n<p>[\/vc_column_text][dhsv_vc_video_youtube video_id=\u00a0\u00bb4nFRDZ8BlCo\u00a0\u00bb][\/vc_column][vc_column width=\u00a0\u00bb1\/3&Prime;][vc_column_text]<\/p>\n<h3>Interview mit Wilson Chebet<\/h3>\n<p>[\/vc_column_text][dhsv_vc_video_youtube video_id=\u00a0\u00bbMJA_xbPISsc\u00a0\u00bb][\/vc_column][\/vc_row][vc_row][vc_column width=\u00a0\u00bb1\/3&Prime;][vc_column_text]<\/p>\n<h3>Interview mit Betsy Saina<\/h3>\n<p>[\/vc_column_text][dhsv_vc_video_youtube video_id=\u00a0\u00bbN8ljYXhPbMk\u00a0\u00bb][\/vc_column][vc_column width=\u00a0\u00bb1\/3&Prime;][vc_column_text]<\/p>\n<h3>Pre-Race Pressekonferenz des 37. Mainova Frankfurt Marathon<\/h3>\n<p>[\/vc_column_text][dhsv_vc_video_youtube video_id=\u00a0\u00bbgo0OLyLPW2A\u00a0\u00bb][\/vc_column][vc_column width=\u00a0\u00bb1\/3&Prime;][vc_column_text]<\/p>\n<h3>Pre-Race Interview mit Arne Gabius<\/h3>\n<p>[\/vc_column_text][dhsv_vc_video_youtube video_id=\u00a0\u00bbNJ2r11pCT9Q\u00a0\u00bb][\/vc_column][\/vc_row][vc_row][vc_column width=\u00a0\u00bb1\/3&Prime;][vc_column_text]<\/p>\n<h3>PRe-Race Interview mit Katharina Heinig<\/h3>\n<p>[\/vc_column_text][dhsv_vc_video_youtube video_id=\u00a0\u00bbqiN84u3TGCY\u00a0\u00bb][\/vc_column][vc_column width=\u00a0\u00bb1\/3&Prime;][\/vc_column][vc_column width=\u00a0\u00bb1\/3&Prime;][\/vc_column][\/vc_row][\/vc_section][vc_row][vc_column][dhsv_vc_headline_subline headline=\u00a0\u00bbVideos 2017&Prime;][vc_empty_space][\/vc_column][\/vc_row][vc_row][vc_column width=\u00a0\u00bb1\/3&Prime;][vc_column_text]<\/p>\n<h3>IMPRESSIONEN DES Mainova Frankfurt Marathon 2017<\/h3>\n<p>[\/vc_column_text][dhsv_vc_video_youtube video_id=\u00a0\u00bbXTXhOIrMvFQ\u00a0\u00bb][\/vc_column][vc_column width=\u00a0\u00bb1\/3&Prime;][vc_column_text]<\/p>\n<h3>MAINOVA FRANKFURT MARATHON IST ERNEUT BELIEBTESTER CITYMARATHON DES JAHRES<\/h3>\n<p>[\/vc_column_text][dhsv_vc_video_youtube video_id=\u00a0\u00bbCgj1lxiAN10&Prime;][\/vc_column][vc_column width=\u00a0\u00bb1\/3&Prime;][vc_column_text]<\/p>\n<h3>STRECKENVIDEO: Der Mainova Frankfurt Marathon im Schnelldurchlauf<\/h3>\n<p>[\/vc_column_text][dhsv_vc_video_youtube video_id=\u00a0\u00bbEp4r1mtk3Zk\u00a0\u00bb][\/vc_column][\/vc_row][vc_row][vc_column width=\u00a0\u00bb1\/3&Prime;][vc_column_text]<\/p>\n<h3>Die Highlights des 36. Mainova Frankfurt Marathon<\/h3>\n<p>[\/vc_column_text][dhsv_vc_video_youtube video_id=\u00a0\u00bbn8ehyJcxGTc\u00a0\u00bb][\/vc_column][vc_column width=\u00a0\u00bb1\/3&Prime;][vc_column_text]<\/p>\n<h3>Video-Interview: Arne Gabius und Katharina Heinig<\/h3>\n<p>[\/vc_column_text][dhsv_vc_video_youtube video_id=\u00a0\u00bbdVTGHdEwJUA\u00a0\u00bb][\/vc_column][vc_column width=\u00a0\u00bb1\/3&Prime;][vc_column_text]<\/p>\n<h3>DIE Siegerin des Mainova Frankfurt Marathon:\u00a0Vivian\u00a0Cheruiyot<\/h3>\n<p>[\/vc_column_text][dhsv_vc_video_youtube video_id=\u00a0\u00bboavBeXniqr4&Prime;][\/vc_column][\/vc_row][vc_row][vc_column width=\u00a0\u00bb1\/3&Prime;][vc_column_text]<\/p>\n<h3>Deutscher Meister: Arne Gabius<\/h3>\n<p>[\/vc_column_text][dhsv_vc_video_youtube video_id=\u00a0\u00bb0DUyjPYRLi4&Prime;][\/vc_column][vc_column width=\u00a0\u00bb1\/3&Prime;][vc_column_text]<\/p>\n<h3>Deutsche Meisterin: Katharina Heinig<\/h3>\n<p>[\/vc_column_text][dhsv_vc_video_youtube video_id=\u00a0\u00bbDMmLTfuuf_A\u00a0\u00bb][\/vc_column][vc_column width=\u00a0\u00bb1\/3&Prime;][vc_column_text]<\/p>\n<h3>Der Sieger des Mainova Frankfurt Marathon: Shure Kitata Tola<\/h3>\n<p>[\/vc_column_text][dhsv_vc_video_youtube video_id=\u00a0\u00bbjQ-0pYmi_bU\u00a0\u00bb][\/vc_column][\/vc_row][vc_row][vc_column width=\u00a0\u00bb1\/3&Prime;][vc_column_text]<\/p>\n<h3>Der STRUWWELPETERLAUF 2017<\/h3>\n<p>[\/vc_column_text][dhsv_vc_video_youtube video_id=\u00a0\u00bbOYCYnY94DSc\u00a0\u00bb][\/vc_column][vc_column width=\u00a0\u00bb1\/3&Prime;][vc_column_text]<\/p>\n<h3>Der Brezellauf 2017<\/h3>\n<p>[\/vc_column_text][dhsv_vc_video_youtube video_id=\u00a0\u00bbvmUpkHVaLiw\u00a0\u00bb][\/vc_column][vc_column width=\u00a0\u00bb1\/3&Prime;][vc_column_text]<\/p>\n<h3>Bereit f\u00fcr das Rennen: Arne Gabius im Interview<\/h3>\n<p>[\/vc_column_text][dhsv_vc_video_youtube video_id=\u00a0\u00bbJaq5od2sEJs\u00a0\u00bb][\/vc_column][\/vc_row][vc_row][vc_column width=\u00a0\u00bb1\/3&Prime;][vc_column_text]<\/p>\n<h3>Welcome to Frankfurt, Vivian Cheruiyot!<\/h3>\n<p>[\/vc_column_text][dhsv_vc_video_youtube video_id=\u00a0\u00bbOU7F9T94ojM\u00a0\u00bb][\/vc_column][vc_column width=\u00a0\u00bb1\/3&Prime;][vc_column_text]<\/p>\n<h3>Katharina Heinig brennt auf ihr Heimspiel beim Mainova Frankfurt Marathon<\/h3>\n<p>[\/vc_column_text][dhsv_vc_video_youtube video_id=\u00a0\u00bbEsNtRx-5DdI\u00a0\u00bb][\/vc_column][vc_column width=\u00a0\u00bb1\/3&Prime;][vc_column_text]<\/p>\n<h3>Arne Gabius ist #readytorun Frankfurt<\/h3>\n<p>[\/vc_column_text][dhsv_vc_video_youtube video_id=\u00a0\u00bb-IvvD7P4OfI\u00a0\u00bb][\/vc_column][\/vc_row][vc_row][vc_column][dhsv_vc_headline_subline headline=\u00a0\u00bbVideos 2016&Prime;][vc_empty_space][\/vc_column][\/vc_row][vc_row][vc_column width=\u00a0\u00bb1\/3&Prime;][vc_column_text]<\/p>\n<h3>Mona Stockhecke startet beim 36. Mainova Frankfurt Marathon<\/h3>\n<p>[\/vc_column_text][dhsv_vc_video_youtube video_id=\u00a0\u00bbMxPgI9ADk68&Prime;][\/vc_column][vc_column width=\u00a0\u00bb1\/3&Prime;][vc_column_text]<\/p>\n<h3>Harry Eisenkopf, Herr der blauen Linie<\/h3>\n<p>[\/vc_column_text][dhsv_vc_video_youtube video_id=\u00a0\u00bbaMXe6FXMytA\u00a0\u00bb][\/vc_column][vc_column width=\u00a0\u00bb1\/3&Prime;][vc_column_text]<\/p>\n<h3>SUB 3:30 STUNDEN: DAS GROSSE ZIEL<\/h3>\n<p>[\/vc_column_text][dhsv_vc_video_youtube video_id=\u00a0\u00bbwDmbpD8PlsI\u00a0\u00bb][\/vc_column][\/vc_row][vc_row][vc_column width=\u00a0\u00bb1\/3&Prime;][vc_column_text]<\/p>\n<h3>Sei wieder dabei am 29. oktober 2017.<\/h3>\n<p>[\/vc_column_text][dhsv_vc_video_youtube video_id=\u00a0\u00bb1lTXE_ECqqw\u00a0\u00bb][\/vc_column][vc_column width=\u00a0\u00bb1\/3&Prime;][vc_column_text]<\/p>\n<h3>WeRunFrankfurt: Gruppendynamik par Excellence<\/h3>\n<p>[\/vc_column_text][dhsv_vc_video_youtube video_id=\u00a0\u00bbRuvyJtESIFA\u00a0\u00bb][\/vc_column][vc_column width=\u00a0\u00bb1\/3&Prime;][vc_column_text]<\/p>\n<h3>Judith aus hamburg ist #readytorun. du auch?<\/h3>\n<p>[\/vc_column_text][dhsv_vc_video_youtube video_id=\u00a0\u00bbE5IEmD4wcx4&Prime;][\/vc_column][\/vc_row][vc_row][vc_column width=\u00a0\u00bb1\/3&Prime;][vc_column_text]<\/p>\n<h3>Die Rennhighlights des 35. Mainova Frankfurt Marathons<\/h3>\n<p>[\/vc_column_text][dhsv_vc_video_youtube video_id=\u00a0\u00bbW0xfjhuxbvs\u00a0\u00bb][\/vc_column][vc_column width=\u00a0\u00bb1\/3&Prime;][vc_column_text]<\/p>\n<h3>Die Slow-Motion highlights des 35. Mainova Frankfurt Marathon<\/h3>\n<p>[\/vc_column_text][dhsv_vc_video_youtube video_id=\u00a0\u00bbI9Q-SokTaRk\u00a0\u00bb][\/vc_column][vc_column width=\u00a0\u00bb1\/3&Prime;][vc_column_text]<\/p>\n<h3>Gewinnerin des 35. Mainova Frankfurt Marathons: Mamitu Daska<\/h3>\n<p>[\/vc_column_text][dhsv_vc_video_youtube video_id=\u00a0\u00bbvkJx1cYLNgs\u00a0\u00bb][\/vc_column][\/vc_row][vc_row][vc_column width=\u00a0\u00bb1\/3&Prime;][vc_column_text]<\/p>\n<h3>Gewinnerin der Deutschen Marathonmeisterschaft 2016: Fate Tola<\/h3>\n<p>[\/vc_column_text][dhsv_vc_video_youtube video_id=\u00a0\u00bbThpEV1hg1xs\u00a0\u00bb][\/vc_column][vc_column width=\u00a0\u00bb1\/3&Prime;][vc_column_text]<\/p>\n<h3>GEWINNER DER DEUTSCHEN MARATHONMEISTERSCHAFT 2016:\u00a0Marcus\u00a0Sch\u00f6fisch<\/h3>\n<p>[\/vc_column_text][dhsv_vc_video_youtube video_id=\u00a0\u00bb2VI7p8L2tpM\u00a0\u00bb][\/vc_column][vc_column width=\u00a0\u00bb1\/3&Prime;][vc_column_text]<\/p>\n<h3>Gewinner des 35. Mainova Frankfurt Marathons: Mark Korir<\/h3>\n<p>[\/vc_column_text][dhsv_vc_video_youtube video_id=\u00a0\u00bbsev3bznWw5k\u00a0\u00bb][\/vc_column][\/vc_row][vc_row][vc_column width=\u00a0\u00bb1\/3&Prime;][vc_column_text]<\/p>\n<h3>Pre-Race Pressekonferenz: Interview mit Mona Stockhecke<\/h3>\n<p>[\/vc_column_text][dhsv_vc_video_youtube video_id=\u00a0\u00bbouzMqYOLHqo\u00a0\u00bb][\/vc_column][vc_column width=\u00a0\u00bb1\/3&Prime;][vc_column_text]<\/p>\n<h3>Pre-Race Pressekonferenz: Interview mit Cybrian Kotut<\/h3>\n<p>[\/vc_column_text][dhsv_vc_video_youtube video_id=\u00a0\u00bbAwEuo2RC6MQ\u00a0\u00bb][\/vc_column][vc_column width=\u00a0\u00bb1\/3&Prime;][vc_column_text]<\/p>\n<h3>Der Frankfurt Marathon. Seit 1981. Deutschlands \u00e4ltester Stadtmarathon. Quelle: hessenschau.de<\/h3>\n<p>[\/vc_column_text][dhsv_vc_video_youtube video_id=\u00a0\u00bbbX_crhhDlKs\u00a0\u00bb][\/vc_column][\/vc_row][vc_row][vc_column width=\u00a0\u00bb1\/3&Prime;][vc_column_text]<\/p>\n<h3>Struwwelpeter-Lauf powered by Schneider Electric<\/h3>\n<p>[\/vc_column_text][dhsv_vc_video_youtube video_id=\u00a0\u00bb6bIyyOgjj9A\u00a0\u00bb][\/vc_column][vc_column width=\u00a0\u00bb1\/3&Prime;][vc_column_text]<\/p>\n<h3>BREZELLAUF\u00a0powered by INTERAIR<\/h3>\n<p>[\/vc_column_text][dhsv_vc_video_youtube video_id=\u00a0\u00bbi6-5IySWARs\u00a0\u00bb][\/vc_column][vc_column width=\u00a0\u00bb1\/3&Prime;][\/vc_column][\/vc_row][vc_row][vc_column][vc_column_text]<\/p>\n<p>[\/vc_column_text][\/vc_column][\/vc_row][vc_row full_width=\u00a0\u00bbstretch_row_content_no_spaces\u00a0\u00bb][vc_column][dhsv_vc_header bgimage=\u00a0\u00bb2769&Prime; headline=\u00a0\u00bbDer \u00e4lteste Citymarathon Deutschlands\u00a0\u00bb subline=\u00a0\u00bbseit 1981&Prime;][\/dhsv_vc_header][\/vc_column][\/vc_row][vc_row][vc_column][dhsv_vc_headline_subline headline=\u00a0\u00bbVideos\u00a0\u00bb][vc_empty_space][vc_row_inner][vc_column_inner width=\u00a0\u00bb1\/3&Prime;][dhsv_vc_video_basic time=\u00a0\u00bb1:54&Prime; headline=\u00a0\u00bbFrankfurt L\u00e4uft!\u00a0\u00bb primary_video_id=\u00a0\u00bb28232&Prime; primary_poster_id=\u00a0\u00bb2855&Prime;]35. Mainova Frankfurt Marathon 2016 &#8211; 30.10.2016[\/dhsv_vc_video_basic][\/vc_column_inner][vc_column_inner width=\u00a0\u00bb1\/3&Prime;][dhsv_vc_video_basic time=\u00a0\u00bb0:53&Prime; headline=\u00a0\u00bbFattoria La Vialla Toscana Pasta Party\u00a0\u00bb primary_video_id=\u00a0\u00bb28223&Prime; primary_poster_id=\u00a0\u00bb2667&Prime;][\/dhsv_vc_video_basic][\/vc_column_inner][vc_column_inner width=\u00a0\u00bb1\/3&Prime;][dhsv_vc_video_basic time=\u00a0\u00bb1:18&Prime; headline=\u00a0\u00bbWelcome to Frankfurt!\u00a0\u00bb primary_video_id=\u00a0\u00bb6143&Prime; primary_poster_id=\u00a0\u00bb6299&Prime;]35. Mainova Frankfurt Marathon 2016 &#8211; 30.10.2016[\/dhsv_vc_video_basic][\/vc_column_inner][\/vc_row_inner][vc_row_inner][vc_column_inner width=\u00a0\u00bb1\/3&Prime;][dhsv_vc_video_basic time=\u00a0\u00bb0:46&Prime; headline=\u00a0\u00bbKALLI FLACH IST NOCH IMMER AUF REKORDJAGD\u00a0\u00bb primary_video_id=\u00a0\u00bb6182&Prime; primary_poster_id=\u00a0\u00bb6464&Prime;]KALLI FLACH IST NOCH IMMER AUF REKORDJAGD Er tr\u00e4gt die ewige Startnummer 155 und wird am 30. Oktober 2016 zum 34. Mal (\u2757\ufe0f\u2757\ufe0f) an der Startlinie des Mainova Frankfurt Marathons stehen. \u00ab\u00a0Isch lauff noche paar Mol Frankfort Marathon. Bis isch achzisch bin.\u00a0\u00bb BRAVO KALLI &#8211; Das macht Dir so schnell keiner nach. WELCOME TO FRANKFURT, KALLI FLACH! His eternal race number: 155. His mission: To start at Mainova Frankfurt Marathon for the 34th time on 30 October 2016.[\/dhsv_vc_video_basic][\/vc_column_inner][vc_column_inner width=\u00a0\u00bb1\/3&Prime;][dhsv_vc_video_basic time=\u00a0\u00bb1:52&Prime; headline=\u00a0\u00bbCORPORATE RUNNING\u00a0\u00bb primary_video_id=\u00a0\u00bb6152&Prime; primary_poster_id=\u00a0\u00bb6305&Prime;]Die Messe Frankfurt, unser langj\u00e4hriger Partner, geht mit gutem Beispiel voran und zeigt, wie man Lauftraining und Arbeitsplatz sinnvoll verbindet. Das wichtigste Trainingsziel ist nat\u00fcrlich der Mainova Frankfurt Marathon und der umjubelte Einlauf in Frankfurts \u201eGud Stubb\u201c. Bevor es aber soweit ist, heisst es fleissig trainieren&#8230;[\/dhsv_vc_video_basic][\/vc_column_inner][vc_column_inner width=\u00a0\u00bb1\/3&Prime;][dhsv_vc_video_basic time=\u00a0\u00bb3:10&Prime; headline=\u00a0\u00bbMainova Frankfurt Marathon 2016&Prime; primary_video_id=\u00a0\u00bb6164&Prime; primary_poster_id=\u00a0\u00bb6311&Prime;]35. Mainova Frankfurt Marathon 2016 &#8211; 30.10.2016[\/dhsv_vc_video_basic][\/vc_column_inner][\/vc_row_inner][vc_row_inner][vc_column_inner width=\u00a0\u00bb1\/3&Prime;][dhsv_vc_video_basic date=\u00a0\u00bb29.09.2016&Prime; time=\u00a0\u00bb1:48&Prime; headline=\u00a0\u00bbMarathonhelden\u00a0\u00bb primary_video_id=\u00a0\u00bb6125&Prime; primary_poster_id=\u00a0\u00bb6284&Prime;]Die Gewinner haben wir bereits vorgestellt. Doch wie sehen die Finisher aus, die kurz vor Torschluss in der Festhalle Frankfurt ankommen? Tausend Dank und maximalen Respekt vor EURER Leistung![\/dhsv_vc_video_basic][\/vc_column_inner][vc_column_inner width=\u00a0\u00bb1\/3&Prime;][dhsv_vc_video_basic time=\u00a0\u00bb4:02&Prime; headline=\u00a0\u00bbFrankfurt l\u00e4uft 2016&Prime; primary_video_id=\u00a0\u00bb6194&Prime; primary_poster_id=\u00a0\u00bb6506&Prime;]Frankfurt ist st\u00e4ndig in Bewegung, egal ob beim J.P. Morgan Lauf oder beim Halbmarathon. Auch beim Marathon im Oktober sind viele laufbegeisterte Frankfurter am Start.[\/dhsv_vc_video_basic][\/vc_column_inner][vc_column_inner width=\u00a0\u00bb1\/3&Prime;][dhsv_vc_video_basic time=\u00a0\u00bb1:09&Prime; headline=\u00a0\u00bbFrankfurt Marathon: \u00ab\u00a060 Sekunden am St\u00fcck\u00ab\u00a0\u00a0\u00bb primary_video_id=\u00a0\u00bb6116&Prime; primary_poster_id=\u00a0\u00bb6275&Prime;]DIE ERSTEN 60 SEKUNDEN&#8230; Wer schon immer wissen wollte, wie es Arne Gabius in der ersten Minute im Ziel erging schaut sich das Video an. Und wer einfach nur G\u00e4nsehautfeeling haben m\u00f6chte einfach auch..[\/dhsv_vc_video_basic][\/vc_column_inner][\/vc_row_inner][vc_row_inner][vc_column_inner width=\u00a0\u00bb1\/3&Prime;][dhsv_vc_video_basic time=\u00a0\u00bb0:23&Prime; headline=\u00a0\u00bbFrankfurt Marathon: Arne Gabius l\u00e4uft neuen deutschen Rekord\u00a0\u00bb primary_video_id=\u00a0\u00bb6170&Prime; primary_poster_id=\u00a0\u00bb6317&Prime;]Neuer deutscher Marathonrekord beim Frankfurt Marathon. 2:08:33 Stunden. Arne Gabius hat es geschafft. Gro\u00dfartiges Rennen, herzlichen Gl\u00fcckwunsch![\/dhsv_vc_video_basic][\/vc_column_inner][vc_column_inner width=\u00a0\u00bb1\/3&Prime;][dhsv_vc_video_basic time=\u00a0\u00bb0:28&Prime; headline=\u00a0\u00bbFrankfurt Marathon: Lisa Hahner wird deutsche Meisterin\u00a0\u00bb primary_video_id=\u00a0\u00bb6185&Prime; primary_poster_id=\u00a0\u00bb6398&Prime;]Starkes Rennen von Lisa Hahner. Nur neun Sekunden fehlten der neuen deutschen Meisterin zur Olympia-Norm.[\/dhsv_vc_video_basic][\/vc_column_inner][vc_column_inner width=\u00a0\u00bb1\/3&Prime;][dhsv_vc_video_basic time=\u00a0\u00bb0:30&Prime; headline=\u00a0\u00bbFrankfurt Marathon: Sisay Lemma: Gewinner des 34. Frankfurt Marathon\u00a0\u00bb primary_video_id=\u00a0\u00bb6197&Prime; primary_poster_id=\u00a0\u00bb6416&Prime;]Sisay Lemma ist der Gewinner des 34. Frankfurt Marathon. Der Mann aus \u00c4thiopien fuhr nach dem Triumph beim Wien Marathon den zweiten Erfolg des Jahres vor den Kenianerin Lani Rutto (2:06:34) und Alfers Lagat (2:06:48) ein.[\/dhsv_vc_video_basic][\/vc_column_inner][\/vc_row_inner][vc_row_inner][vc_column_inner width=\u00a0\u00bb1\/3&Prime;][dhsv_vc_video_basic time=\u00a0\u00bb0:31&Prime; headline=\u00a0\u00bbFrankfurt Marathon: Gulume Tollesa Chala gewinnt Frankfurt Marathon\u00a0\u00bb primary_video_id=\u00a0\u00bb6176&Prime; primary_poster_id=\u00a0\u00bb6428&Prime;]Foto-Finish bei der Entscheidung der Frauen nach 42,195 Kilometern: Gulume Tollesa Chala (\u00c4thiopien) konterte den Angriff ihrer Landsfrau Dinknesh Mekash Tefera.[\/dhsv_vc_video_basic][\/vc_column_inner][vc_column_inner width=\u00a0\u00bb1\/3&Prime;][dhsv_vc_video_basic time=\u00a0\u00bb0:24&Prime; headline=\u00a0\u00bbThis was your day!\u00a0\u00bb primary_video_id=\u00a0\u00bb6128&Prime; primary_poster_id=\u00a0\u00bb6566&Prime;]Wir danken allen 25.520 Teilnehmern des 34. Frankfurt Marathons. Wir sehen uns am 30. Oktober 2016![\/dhsv_vc_video_basic][\/vc_column_inner][vc_column_inner width=\u00a0\u00bb1\/3&Prime;][dhsv_vc_video_basic date=\u00a0\u00bb26.10.2015&Prime; time=\u00a0\u00bb6:00&Prime; headline=\u00a0\u00bbDer Frankfurt Marathon 2014&Prime; primary_video_id=\u00a0\u00bb6131&Prime; primary_poster_id=\u00a0\u00bb6287&Prime;]Der Frankfurt Marathon am 26. Oktober 2014 unter dem Motto \u00ab\u00a0This is your day\u00a0\u00bb war wieder ein Highlight. Hier gibt&rsquo;s einen R\u00fcckblick![\/dhsv_vc_video_basic][\/vc_column_inner][\/vc_row_inner][vc_row_inner][vc_column_inner width=\u00a0\u00bb1\/3&Prime;][dhsv_vc_video_basic time=\u00a0\u00bb5:32&Prime; headline=\u00a0\u00bbDas Favoritentrio im \u00dcberblick\u00a0\u00bb primary_video_id=\u00a0\u00bb6188&Prime; primary_poster_id=\u00a0\u00bb6356&Prime;]\u00a0\u00bbIch gehe davon aus, dass der deutsche Rekord fallen wird\u00a0\u00bb, sagt Arne Gabius, der sich nach 16-w\u00f6chiger Vorbereitung auch eine 2:07er Zeit zutraut. Bei den Frauen wird ein Kopf- an Kopf-Duell von Lisa Hahner und Mona Stockhecke erwartet.[\/dhsv_vc_video_basic][\/vc_column_inner][vc_column_inner width=\u00a0\u00bb1\/3&Prime;][dhsv_vc_video_basic time=\u00a0\u00bb0:43&Prime; headline=\u00a0\u00bbStruwwelpeter-Lauf powered by Mainova\u00a0\u00bb primary_video_id=\u00a0\u00bb6200&Prime; primary_poster_id=\u00a0\u00bb6374&Prime;]B\u00fchne frei f\u00fcr die Stars von morgen &#8211; das war der Struwwelpeter-Lauf powered by Mainova 2015.[\/dhsv_vc_video_basic][\/vc_column_inner][vc_column_inner width=\u00a0\u00bb1\/3&Prime;][dhsv_vc_video_basic time=\u00a0\u00bb1:28&Prime; headline=\u00a0\u00bbBrezellauf powered by interAir\u00a0\u00bb primary_video_id=\u00a0\u00bb6173&Prime; primary_poster_id=\u00a0\u00bb6320&Prime;]Er ist das Warm-up, die Ouvert\u00fcre f\u00fcr das Marathonwochenende in Frankfurt: der Brezellauf powered by interAir. Hier die Impressionen vom Lauf.[\/dhsv_vc_video_basic][\/vc_column_inner][\/vc_row_inner][vc_row_inner][vc_column_inner width=\u00a0\u00bb1\/3&Prime;][dhsv_vc_video_basic time=\u00a0\u00bb1:28&Prime; headline=\u00a0\u00bbBMW Frankfurt Marathon \u00ab\u00a0AIMS Green Award\u00ab\u00a0\u00a0\u00bb primary_video_id=\u00a0\u00bb6155&Prime; primary_poster_id=\u00a0\u00bb6308&Prime;]Hier gibt&rsquo;s unseren Spot zum Thema \u00ab\u00a0Green Marathon\u00a0\u00bb und der Pr\u00e4mierung der AIMS mit dem \u00ab\u00a0Green Award\u00a0\u00bb.[\/dhsv_vc_video_basic][\/vc_column_inner][vc_column_inner width=\u00a0\u00bb1\/3&Prime;][dhsv_vc_video_basic time=\u00a0\u00bb0:42&Prime; headline=\u00a0\u00bbFrankfurt l\u00e4uft\u00a0\u00bb primary_video_id=\u00a0\u00bb6140&Prime; primary_poster_id=\u00a0\u00bb6296&Prime;]Unsere neue kleine Videofilmserie \u201eFrankfurt l\u00e4uft\u201c ist angelaufen. Wir pr\u00e4sentieren \u00fcber das Jahr einige kleine Kurzfilme zum Thema \u00ab\u00a0Frankfurt l\u00e4uft\u00a0\u00bb. Im April fanden die ersten begleitenden Aufnahmen statt.[\/dhsv_vc_video_basic][\/vc_column_inner][vc_column_inner width=\u00a0\u00bb1\/3&Prime;][dhsv_vc_video_basic time=\u00a0\u00bb2:09&Prime; headline=\u00a0\u00bb2-Stunden-Lauf des Marathonprojekts Frankfurt\u00a0\u00bb primary_video_id=\u00a0\u00bb6209&Prime; primary_poster_id=\u00a0\u00bb6338&Prime;]Unser Marathonprojekt zum Frankfurt Marathon trainiert flei\u00dfig f\u00fcr das gro\u00dfe Ziel am 25. Oktober &#8211; im Juli stand der erste 2-Stunden-Lauf auf dem Programm.[\/dhsv_vc_video_basic][\/vc_column_inner][\/vc_row_inner][vc_row_inner][vc_column_inner width=\u00a0\u00bb1\/3&Prime;][dhsv_vc_video_basic time=\u00a0\u00bb1:18&Prime; headline=\u00a0\u00bbFrankfurt Marathon: Fattoria La Vialla \u2013 Toscana Pasta Party in der Festhalle\u00a0\u00bb primary_video_id=\u00a0\u00bb6137&Prime; primary_poster_id=\u00a0\u00bb6293&Prime;]IN EINER WOCHE HEISST ES WIEDER: AUF DIE PASTA&#8230; FERTIG, LOS! Fattoria La Vialla \u2013 Toscana Pasta Party am Samstag, 13.30 &#8211; 19.00 Uhr, in der Festhalle Frankfurt u.a. mit Moderator Kai V\u00f6lker | offizielle Fanpage (hr1), Film-R\u00fcckblick Frankfurt Marathon 2014, Tanz- und Showauftritte mit Universe-Cheerleader und BlocoX, Vorstellung der Top-Athleten und dem Film \u201eThis is Your Day\u201c. Dazu gibt es Interviews mit den besten Deutschen Arne Gabius, Lisa Hahner von den Hahnertwins &#8211; Anna Hahner und Lisa Hahner und Mona Stockhecke, den ehemaligen Deutschen Marathonmeistern und weiteren spannenden Sponsorenbeitr\u00e4gen wie bspw. das \u201eMix up your Olympiasieger-Trio\u201c von ASICS.[\/dhsv_vc_video_basic][\/vc_column_inner][vc_column_inner width=\u00a0\u00bb1\/3&Prime;][dhsv_vc_video_basic date=\u00a0\u00bb29.09.2016&Prime; time=\u00a0\u00bb2:22&Prime; headline=\u00a0\u00bbZieleinlauf und Interview: Arne Gabius\u00a0\u00bb primary_video_id=\u00a0\u00bb6119&Prime; primary_poster_id=\u00a0\u00bb6278&Prime;]\u00a0\u00bbIch wollte sowieso unter 2:10 laufen, aber wenn ich das vorher gesagt h\u00e4tte, dann h\u00e4tten mich wohl alle f\u00fcr verr\u00fcckt erkl\u00e4rt\u00a0\u00bb[\/dhsv_vc_video_basic][\/vc_column_inner][vc_column_inner width=\u00a0\u00bb1\/3&Prime;][dhsv_vc_video_basic date=\u00a0\u00bb29.09.2016&Prime; time=\u00a0\u00bb1:57&Prime; headline=\u00a0\u00bbPers\u00f6nliche Bestleistung: Mona Stockhecke\u00a0\u00bb primary_video_id=\u00a0\u00bb6122&Prime; primary_poster_id=\u00a0\u00bb6281&Prime;]2:33:50 und damit Pers\u00f6nliche Bestleistung &#8211; Mona Stockhecke machte beim BMW Frankfurt Marathon den Tag der Superlative f\u00fcr die deutschen Topl\u00e4ufer perfekt.[\/dhsv_vc_video_basic][\/vc_column_inner][\/vc_row_inner][vc_row_inner][vc_column_inner width=\u00a0\u00bb1\/3&Prime;][dhsv_vc_video_basic date=\u00a0\u00bb29.09.2016&Prime; time=\u00a0\u00bb0:47&Prime; headline=\u00a0\u00bbZieleinlauf der Gewinner: Mark Kiptoo und Aberu Kebede\u00a0\u00bb primary_video_id=\u00a0\u00bb6206&Prime; primary_poster_id=\u00a0\u00bb6332&Prime;][\/dhsv_vc_video_basic][\/vc_column_inner][vc_column_inner width=\u00a0\u00bb1\/3&Prime;][dhsv_vc_video_basic time=\u00a0\u00bb0:37&Prime; headline=\u00a0\u00bbArne Gabius schafft bestes deutsches Ergebnis seit Jahren\u00a0\u00bb primary_video_id=\u00a0\u00bb6203&Prime; primary_poster_id=\u00a0\u00bb6317&Prime;]Arne Gabius hat als Neunter beim BMW Frankfurt Marathon deutsche Marathon-Geschichte geschrieben. Der 33-J\u00e4hrige schaffte in 2:09:32 Stunden die beste Zeit, die bisher einem deutschen Deb\u00fctanten \u00fcber die 42,195 Kilometer lange Strecke gelungen ist![\/dhsv_vc_video_basic][\/vc_column_inner][vc_column_inner width=\u00a0\u00bb1\/3&Prime;][dhsv_vc_video_basic time=\u00a0\u00bb4:47&Prime; headline=\u00a0\u00bbDer BMW Frankfurt Marathon 2014 im R\u00fcckblick\u00a0\u00bb primary_video_id=\u00a0\u00bb6146&Prime; primary_poster_id=\u00a0\u00bb6302&Prime;]Im knapp 5 Minuten langen Eventcut sind die Highlights des BMW Frankfurt Marathon zusammengefasst. Anschauen lohnt sich, denn w\u00e4hrend der 33. Auflage des City-Marathons ist einiges passiert.[\/dhsv_vc_video_basic][\/vc_column_inner][\/vc_row_inner][vc_row_inner][vc_column_inner width=\u00a0\u00bb1\/3&Prime;][dhsv_vc_video_basic time=\u00a0\u00bb7:49&Prime; headline=\u00a0\u00bbVideo powered by Air France: Wie leben und trainieren Athleten in Kenia?\u00a0\u00bb primary_video_id=\u00a0\u00bb6134&Prime; primary_poster_id=\u00a0\u00bb6290&Prime;]Wie und wo leben, wohnen und trainieren die Top-Athleten aus Kenia?[\/dhsv_vc_video_basic][\/vc_column_inner][vc_column_inner width=\u00a0\u00bb1\/3&Prime;][\/vc_column_inner][vc_column_inner width=\u00a0\u00bb1\/3&Prime;][\/vc_column_inner][\/vc_row_inner][\/vc_column][\/vc_row]<\/p>\n<\/div>","protected":false},"excerpt":{"rendered":"<p>[vc_row full_width=\u00a0\u00bbstretch_row_content_no_spaces\u00a0\u00bb][vc_column][dhsv_vc_header bgimage=\u00a0\u00bb2769&Prime; headline=\u00a0\u00bbVideos des Mainova Frankfurt Marathon\u00a0\u00bb][dhsv_vc_menu_list anzeigeart=\u00a0\u00bbshow_level\u00a0\u00bb menu_id=\u00a0\u00bb15&Prime;][\/dhsv_vc_header][\/vc_column][\/vc_row][vc_section][vc_row][vc_column][dhsv_vc_headline_subline headline=\u00a0\u00bbVideos 2023&Prime;][vc_empty_space][\/vc_column][\/vc_row][vc_row][vc_column width=\u00a0\u00bb1\/3&Prime;][dhsv_vc_video_youtube video_id=\u00a0\u00bbXjGTkyxt9oQ\u00a0\u00bb][\/vc_column][vc_column width=\u00a0\u00bb1\/3&Prime;][dhsv_vc_video_youtube video_id=\u00a0\u00bbpkRQVjTKazE\u00a0\u00bb][\/vc_column][vc_column width=\u00a0\u00bb1\/3&Prime;][\/vc_column][\/vc_row][\/vc_section][vc_section][vc_row][vc_column][dhsv_vc_headline_subline headline=\u00a0\u00bbVideos 2022&Prime;][vc_empty_space][\/vc_column][\/vc_row][vc_row][vc_column width=\u00a0\u00bb1\/3&Prime;][dhsv_vc_video_youtube video_id=\u00a0\u00bbSwCdRUweEWo\u00a0\u00bb][\/vc_column][vc_column width=\u00a0\u00bb1\/3&Prime;][dhsv_vc_video_youtube video_id=\u00a0\u00bbhpFMHQt50f8&Prime;][\/vc_column][vc_column width=\u00a0\u00bb1\/3&Prime;][\/vc_column][\/vc_row][vc_row][vc_column][dhsv_vc_headline_subline headline=\u00a0\u00bbVideos 2018&Prime;][vc_empty_space][\/vc_column][\/vc_row][vc_row][vc_column width=\u00a0\u00bb1\/3&Prime;][vc_column_text] Der Sieger des 37. Mainova Frankfurt Marathon:\u00a0Kelkile Gezahegn [\/vc_column_text][dhsv_vc_video_youtube video_id=\u00a0\u00bbTniiyMoqxCk\u00a0\u00bb][\/vc_column][vc_column width=\u00a0\u00bb1\/3&Prime;][vc_column_text] Der schnellste Deutsche: Arne Gabius [\/vc_column_text][dhsv_vc_video_youtube video_id=\u00a0\u00bbMfEopMDd3tc\u00a0\u00bb][\/vc_column][vc_column width=\u00a0\u00bb1\/3&Prime;][vc_column_text] Die schnellste Frau:\u00a0Meskerem Assefa [\/vc_column_text][dhsv_vc_video_youtube video_id=\u00a0\u00bba3naBykhOLU\u00a0\u00bb][\/vc_column][\/vc_row][vc_row][vc_column width=\u00a0\u00bb1\/3&Prime;][vc_column_text] Katharina Heinig <a class=\"moretag\" href=\"https:\/\/www.frankfurt-marathon.com\/fr\/impressionen\/videos-historie\/\">ganzen Artikel lesen&#8230;<\/a><\/p>\n","protected":false},"author":5,"featured_media":0,"parent":676324,"menu_order":0,"comment_status":"closed","ping_status":"closed","template":"","meta":{"_acf_changed":false,"footnotes":""},"yst_prominent_words":[512,16835,15245,10304,608,7334,10310,16919,16916,16913,1343,605,584,4733,10301,620,6110,10307,16793,16868],"class_list":["post-296331","page","type-page","status-publish","hentry"],"acf":[],"_links":{"self":[{"href":"https:\/\/www.frankfurt-marathon.com\/fr\/wp-json\/wp\/v2\/pages\/296331","targetHints":{"allow":["GET"]}}],"collection":[{"href":"https:\/\/www.frankfurt-marathon.com\/fr\/wp-json\/wp\/v2\/pages"}],"about":[{"href":"https:\/\/www.frankfurt-marathon.com\/fr\/wp-json\/wp\/v2\/types\/page"}],"author":[{"embeddable":true,"href":"https:\/\/www.frankfurt-marathon.com\/fr\/wp-json\/wp\/v2\/users\/5"}],"replies":[{"embeddable":true,"href":"https:\/\/www.frankfurt-marathon.com\/fr\/wp-json\/wp\/v2\/comments?post=296331"}],"version-history":[{"count":3,"href":"https:\/\/www.frankfurt-marathon.com\/fr\/wp-json\/wp\/v2\/pages\/296331\/revisions"}],"predecessor-version":[{"id":664684,"href":"https:\/\/www.frankfurt-marathon.com\/fr\/wp-json\/wp\/v2\/pages\/296331\/revisions\/664684"}],"up":[{"embeddable":true,"href":"https:\/\/www.frankfurt-marathon.com\/fr\/wp-json\/wp\/v2\/pages\/676324"}],"wp:attachment":[{"href":"https:\/\/www.frankfurt-marathon.com\/fr\/wp-json\/wp\/v2\/media?parent=296331"}],"wp:term":[{"taxonomy":"yst_prominent_words","embeddable":true,"href":"https:\/\/www.frankfurt-marathon.com\/fr\/wp-json\/wp\/v2\/yst_prominent_words?post=296331"}],"curies":[{"name":"wp","href":"https:\/\/api.w.org\/{rel}","templated":true}]}}